{"id":2,"date":"2021-05-20T04:53:04","date_gmt":"2021-05-20T04:53:04","guid":{"rendered":"https:\/\/qridos.com\/bra\/?page_id=2"},"modified":"2021-08-25T19:53:03","modified_gmt":"2021-08-25T22:53:03","slug":"rio-de-janeiro-rj","status":"publish","type":"page","link":"https:\/\/qridos.com\/bra\/rio-de-janeiro-rj\/","title":{"rendered":"Rio de Janeiro RJ"},"content":{"rendered":"\t\t<div data-elementor-type=\"wp-page\" data-elementor-id=\"2\" class=\"elementor elementor-2\">\n\t\t\t\t\t\t\t\t\t<section class=\"elementor-section elementor-top-section elementor-element elementor-element-62c1a34 elementor-section-boxed elementor-section-height-default elementor-section-height-default\" data-id=\"62c1a34\" data-element_type=\"section\">\n\t\t\t\t\t\t<div class=\"elementor-container elementor-column-gap-default\">\n\t\t\t\t\t<div class=\"elementor-column elementor-col-100 elementor-top-column elementor-element elementor-element-5198dc4\" data-id=\"5198dc4\" data-element_type=\"column\">\n\t\t\t<div class=\"elementor-widget-wrap\">\n\t\t\t\t\t\t\t\t\t<\/div>\n\t\t<\/div>\n\t\t\t\t\t\t\t<\/div>\n\t\t<\/section>\n\t\t\t\t<section class=\"elementor-section elementor-top-section elementor-element elementor-element-dcfa160 elementor-section-boxed elementor-section-height-default elementor-section-height-default\" data-id=\"dcfa160\" data-element_type=\"section\">\n\t\t\t\t\t\t<div class=\"elementor-container elementor-column-gap-default\">\n\t\t\t\t\t<div class=\"elementor-column elementor-col-100 elementor-top-column elementor-element elementor-element-81ddfba\" data-id=\"81ddfba\" data-element_type=\"column\">\n\t\t\t<div class=\"elementor-widget-wrap elementor-element-populated\">\n\t\t\t\t\t\t\t\t<div class=\"elementor-element elementor-element-db22830 elementor-widget elementor-widget-spacer\" data-id=\"db22830\" data-element_type=\"widget\" data-widget_type=\"spacer.default\">\n\t\t\t\t<div class=\"elementor-widget-container\">\n\t\t\t\t\t<div class=\"elementor-spacer\">\n\t\t\t<div class=\"elementor-spacer-inner\"><\/div>\n\t\t<\/div>\n\t\t\t\t<\/div>\n\t\t\t\t<\/div>\n\t\t\t\t\t<\/div>\n\t\t<\/div>\n\t\t\t\t\t\t\t<\/div>\n\t\t<\/section>\n\t\t\t\t<section class=\"elementor-section elementor-top-section elementor-element elementor-element-0ef071b elementor-section-boxed elementor-section-height-default elementor-section-height-default\" data-id=\"0ef071b\" data-element_type=\"section\">\n\t\t\t\t\t\t<div class=\"elementor-container elementor-column-gap-default\">\n\t\t\t\t\t<div class=\"elementor-column elementor-col-33 elementor-top-column elementor-element elementor-element-154918d\" data-id=\"154918d\" data-element_type=\"column\">\n\t\t\t<div class=\"elementor-widget-wrap\">\n\t\t\t\t\t\t\t\t\t<\/div>\n\t\t<\/div>\n\t\t\t\t<div class=\"elementor-column elementor-col-33 elementor-top-column elementor-element elementor-element-406298b\" data-id=\"406298b\" data-element_type=\"column\">\n\t\t\t<div class=\"elementor-widget-wrap elementor-element-populated\">\n\t\t\t\t\t\t\t\t<div class=\"elementor-element elementor-element-e548185 elementor-widget elementor-widget-image\" data-id=\"e548185\" data-element_type=\"widget\" data-widget_type=\"image.default\">\n\t\t\t\t<div class=\"elementor-widget-container\">\n\t\t\t\t\t\t\t\t\t\t\t\t\t\t\t\t<a href=\"https:\/\/qridos.com\/bra\/location\/rio-de-janeiro\/\">\n\t\t\t\t\t\t\t<img loading=\"lazy\" decoding=\"async\" width=\"450\" height=\"450\" src=\"https:\/\/qridos.com\/bra\/wp-content\/uploads\/2021\/05\/Brasao_da_cidade_do_Rio_de_Janeiro.jpg\" class=\"attachment-large size-large\" alt=\"\" srcset=\"https:\/\/qridos.com\/bra\/wp-content\/uploads\/2021\/05\/Brasao_da_cidade_do_Rio_de_Janeiro.jpg 450w, https:\/\/qridos.com\/bra\/wp-content\/uploads\/2021\/05\/Brasao_da_cidade_do_Rio_de_Janeiro-300x300.jpg 300w, https:\/\/qridos.com\/bra\/wp-content\/uploads\/2021\/05\/Brasao_da_cidade_do_Rio_de_Janeiro-150x150.jpg 150w, https:\/\/qridos.com\/bra\/wp-content\/uploads\/2021\/05\/Brasao_da_cidade_do_Rio_de_Janeiro-63x63.jpg 63w, https:\/\/qridos.com\/bra\/wp-content\/uploads\/2021\/05\/Brasao_da_cidade_do_Rio_de_Janeiro-84x84.jpg 84w\" sizes=\"auto, (max-width: 450px) 100vw, 450px\" \/>\t\t\t\t\t\t\t\t<\/a>\n\t\t\t\t\t\t\t\t\t\t\t\t\t\t\t<\/div>\n\t\t\t\t<\/div>\n\t\t\t\t\t<\/div>\n\t\t<\/div>\n\t\t\t\t<div class=\"elementor-column elementor-col-33 elementor-top-column elementor-element elementor-element-8aeb47b\" data-id=\"8aeb47b\" data-element_type=\"column\">\n\t\t\t<div class=\"elementor-widget-wrap\">\n\t\t\t\t\t\t\t\t\t<\/div>\n\t\t<\/div>\n\t\t\t\t\t\t\t<\/div>\n\t\t<\/section>\n\t\t\t\t<section class=\"elementor-section elementor-top-section elementor-element elementor-element-6ca286b elementor-section-boxed elementor-section-height-default elementor-section-height-default\" data-id=\"6ca286b\" data-element_type=\"section\">\n\t\t\t\t\t\t<div class=\"elementor-container elementor-column-gap-default\">\n\t\t\t\t\t<div class=\"elementor-column elementor-col-100 elementor-top-column elementor-element elementor-element-a613733\" data-id=\"a613733\" data-element_type=\"column\">\n\t\t\t<div class=\"elementor-widget-wrap elementor-element-populated\">\n\t\t\t\t\t\t\t\t<div class=\"elementor-element elementor-element-3f7797e elementor-widget elementor-widget-heading\" data-id=\"3f7797e\" data-element_type=\"widget\" data-widget_type=\"heading.default\">\n\t\t\t\t<div class=\"elementor-widget-container\">\n\t\t\t<h2 class=\"elementor-heading-title elementor-size-default\"><a href=\"https:\/\/qridos.com\/bra\/location\/rio-de-janeiro\/\">Memorial Queridos para Sempre!<br\/>Homenagem da Cidade do Rio de Janeiro<\/a><\/h2>\t\t<\/div>\n\t\t\t\t<\/div>\n\t\t\t\t\t<\/div>\n\t\t<\/div>\n\t\t\t\t\t\t\t<\/div>\n\t\t<\/section>\n\t\t\t\t<section class=\"elementor-section elementor-top-section elementor-element elementor-element-355c5b55 elementor-section-boxed elementor-section-height-default elementor-section-height-default\" data-id=\"355c5b55\" data-element_type=\"section\">\n\t\t\t\t\t\t<div class=\"elementor-container elementor-column-gap-default\">\n\t\t\t\t\t<div class=\"elementor-column elementor-col-100 elementor-top-column elementor-element elementor-element-7cd05017\" data-id=\"7cd05017\" data-element_type=\"column\">\n\t\t\t<div class=\"elementor-widget-wrap elementor-element-populated\">\n\t\t\t\t\t\t\t\t<div class=\"elementor-element elementor-element-43380b73 elementor-widget elementor-widget-text-editor\" data-id=\"43380b73\" data-element_type=\"widget\" data-widget_type=\"text-editor.default\">\n\t\t\t\t<div class=\"elementor-widget-container\">\n\t\t\t\t\t\t\t<!-- wp:paragraph -->\n<p>Clique na imagem acima ou abaixo.<\/p>\n<p>Este \u00e9 um exemplo de mensagem. Este \u00e9 um exemplo de mensagem. Este \u00e9 um exemplo de mensagem. Este \u00e9 um exemplo de mensagem. Este \u00e9 um exemplo de mensagem. Este \u00e9 um exemplo de mensagem:<\/p>\n<!-- \/wp:paragraph --><!-- wp:quote -->\n<blockquote class=\"wp-block-quote\">\n<p>A hist\u00f3ria de cada v\u00edtima dessa trag\u00e9dia deve ser conhecida pelas futuras gera\u00e7\u00f5es, e compartilhada toda vez que parentes e amigos sentirem saudade, sem precisar ir aos cemit\u00e9rios. (Nome &#8211; Prefeito Municipal.)<\/p>\n<\/blockquote>\n<!-- \/wp:quote --><!-- wp:paragraph -->\n<p>Este \u00e9 um exemplo de mensagem.<\/p>\n<!-- \/wp:paragraph --><!-- wp:quote -->\n<blockquote class=\"wp-block-quote\">\n<p>O Memorial Queridos para Sempre! \u00e9 a melhor forma de fazer justi\u00e7a a quem escreveu seu nome no livro da vida, deixou boas lembran\u00e7as e n\u00e3o merece ser esquecido jamais. (Nome &#8211; Diretor Cemiterial.)<\/p>\n<\/blockquote>\n<!-- \/wp:quote --><!-- wp:paragraph -->\n<p>Este \u00e9 um exemplo de mensagem.<\/p>\n<!-- \/wp:paragraph -->\t\t\t\t\t\t<\/div>\n\t\t\t\t<\/div>\n\t\t\t\t\t<\/div>\n\t\t<\/div>\n\t\t\t\t\t\t\t<\/div>\n\t\t<\/section>\n\t\t\t\t<section class=\"elementor-section elementor-top-section elementor-element elementor-element-f46b1be elementor-section-boxed elementor-section-height-default elementor-section-height-default\" data-id=\"f46b1be\" data-element_type=\"section\">\n\t\t\t\t\t\t<div class=\"elementor-container elementor-column-gap-default\">\n\t\t\t\t\t<div class=\"elementor-column elementor-col-100 elementor-top-column elementor-element elementor-element-34c6a56\" data-id=\"34c6a56\" data-element_type=\"column\">\n\t\t\t<div class=\"elementor-widget-wrap elementor-element-populated\">\n\t\t\t\t\t\t\t\t<div class=\"elementor-element elementor-element-3b52e9f elementor-widget elementor-widget-image\" data-id=\"3b52e9f\" data-element_type=\"widget\" data-widget_type=\"image.default\">\n\t\t\t\t<div class=\"elementor-widget-container\">\n\t\t\t\t\t\t\t\t\t\t\t\t\t\t\t\t<a href=\"https:\/\/qridos.com\/bra\/location\/rio-de-janeiro\/\">\n\t\t\t\t\t\t\t<img loading=\"lazy\" decoding=\"async\" width=\"600\" height=\"279\" src=\"https:\/\/qridos.com\/bra\/wp-content\/uploads\/2021\/05\/marca.png\" class=\"attachment-large size-large\" alt=\"\" srcset=\"https:\/\/qridos.com\/bra\/wp-content\/uploads\/2021\/05\/marca.png 600w, https:\/\/qridos.com\/bra\/wp-content\/uploads\/2021\/05\/marca-300x140.png 300w\" sizes=\"auto, (max-width: 600px) 100vw, 600px\" \/>\t\t\t\t\t\t\t\t<\/a>\n\t\t\t\t\t\t\t\t\t\t\t\t\t\t\t<\/div>\n\t\t\t\t<\/div>\n\t\t\t\t\t<\/div>\n\t\t<\/div>\n\t\t\t\t\t\t\t<\/div>\n\t\t<\/section>\n\t\t\t\t<section class=\"elementor-section elementor-top-section elementor-element elementor-element-07f8662 elementor-section-boxed elementor-section-height-default elementor-section-height-default\" data-id=\"07f8662\" data-element_type=\"section\">\n\t\t\t\t\t\t<div class=\"elementor-container elementor-column-gap-default\">\n\t\t\t\t\t<div class=\"elementor-column elementor-col-100 elementor-top-column elementor-element elementor-element-f410bd1\" data-id=\"f410bd1\" data-element_type=\"column\">\n\t\t\t<div class=\"elementor-widget-wrap\">\n\t\t\t\t\t\t\t\t\t<\/div>\n\t\t<\/div>\n\t\t\t\t\t\t\t<\/div>\n\t\t<\/section>\n\t\t\t\t<section class=\"elementor-section elementor-top-section elementor-element elementor-element-3f299f9 elementor-section-boxed elementor-section-height-default elementor-section-height-default\" data-id=\"3f299f9\" data-element_type=\"section\">\n\t\t\t\t\t\t<div class=\"elementor-container elementor-column-gap-default\">\n\t\t\t\t\t<div class=\"elementor-column elementor-col-100 elementor-top-column elementor-element elementor-element-a3d7a6d\" data-id=\"a3d7a6d\" data-element_type=\"column\">\n\t\t\t<div class=\"elementor-widget-wrap elementor-element-populated\">\n\t\t\t\t\t\t\t\t<div class=\"elementor-element elementor-element-d851988 elementor-widget elementor-widget-text-editor\" data-id=\"d851988\" data-element_type=\"widget\" data-widget_type=\"text-editor.default\">\n\t\t\t\t<div class=\"elementor-widget-container\">\n\t\t\t\t\t\t\t<p>Como incluir uma nova homenagem nesta cidade? Como atualizar informa\u00e7\u00f5es das p\u00e1ginas de homenageados? Como falar com a administra\u00e7\u00e3o do Memorial? Outras d\u00favidas? Fa\u00e7a <a href=\"mailto:memorial@qridos.com\">Contato<\/a><\/p>\t\t\t\t\t\t<\/div>\n\t\t\t\t<\/div>\n\t\t\t\t\t<\/div>\n\t\t<\/div>\n\t\t\t\t\t\t\t<\/div>\n\t\t<\/section>\n\t\t\t\t<section class=\"elementor-section elementor-top-section elementor-element elementor-element-cca10a3 elementor-section-boxed elementor-section-height-default elementor-section-height-default\" data-id=\"cca10a3\" data-element_type=\"section\">\n\t\t\t\t\t\t<div class=\"elementor-container elementor-column-gap-default\">\n\t\t\t\t\t<div class=\"elementor-column elementor-col-100 elementor-top-column elementor-element elementor-element-a898893\" data-id=\"a898893\" data-element_type=\"column\">\n\t\t\t<div class=\"elementor-widget-wrap\">\n\t\t\t\t\t\t\t\t\t<\/div>\n\t\t<\/div>\n\t\t\t\t\t\t\t<\/div>\n\t\t<\/section>\n\t\t\t\t<section class=\"elementor-section elementor-top-section elementor-element elementor-element-4f34a6a elementor-section-boxed elementor-section-height-default elementor-section-height-default\" data-id=\"4f34a6a\" data-element_type=\"section\">\n\t\t\t\t\t\t<div class=\"elementor-container elementor-column-gap-default\">\n\t\t\t\t\t<div class=\"elementor-column elementor-col-25 elementor-top-column elementor-element elementor-element-78553d0\" data-id=\"78553d0\" data-element_type=\"column\">\n\t\t\t<div class=\"elementor-widget-wrap elementor-element-populated\">\n\t\t\t\t\t\t\t\t<div class=\"elementor-element elementor-element-6550eb4 elementor-widget elementor-widget-image\" data-id=\"6550eb4\" data-element_type=\"widget\" data-widget_type=\"image.default\">\n\t\t\t\t<div class=\"elementor-widget-container\">\n\t\t\t\t\t\t\t\t\t\t\t\t<figure class=\"wp-caption\">\n\t\t\t\t\t\t\t\t\t\t\t<a href=\"https:\/\/qridos.com.br\/queridos\/itemlist\/category\/6-cemiterio-s-j-batista\" target=\"_blank\">\n\t\t\t\t\t\t\t<img loading=\"lazy\" decoding=\"async\" width=\"250\" height=\"250\" src=\"https:\/\/qridos.com\/bra\/wp-content\/uploads\/2021\/07\/RioPax.jpg\" class=\"attachment-large size-large\" alt=\"\" srcset=\"https:\/\/qridos.com\/bra\/wp-content\/uploads\/2021\/07\/RioPax.jpg 250w, https:\/\/qridos.com\/bra\/wp-content\/uploads\/2021\/07\/RioPax-150x150.jpg 150w, https:\/\/qridos.com\/bra\/wp-content\/uploads\/2021\/07\/RioPax-63x63.jpg 63w, https:\/\/qridos.com\/bra\/wp-content\/uploads\/2021\/07\/RioPax-84x84.jpg 84w\" sizes=\"auto, (max-width: 250px) 100vw, 250px\" \/>\t\t\t\t\t\t\t\t<\/a>\n\t\t\t\t\t\t\t\t\t\t\t<figcaption class=\"widget-image-caption wp-caption-text\">S\u00e3o Jo\u00e3o Batista<\/figcaption>\n\t\t\t\t\t\t\t\t\t\t<\/figure>\n\t\t\t\t\t\t\t\t\t<\/div>\n\t\t\t\t<\/div>\n\t\t\t\t\t<\/div>\n\t\t<\/div>\n\t\t\t\t<div class=\"elementor-column elementor-col-25 elementor-top-column elementor-element elementor-element-82846b6\" data-id=\"82846b6\" data-element_type=\"column\">\n\t\t\t<div class=\"elementor-widget-wrap elementor-element-populated\">\n\t\t\t\t\t\t\t\t<div class=\"elementor-element elementor-element-658db25 elementor-widget elementor-widget-image\" data-id=\"658db25\" data-element_type=\"widget\" data-widget_type=\"image.default\">\n\t\t\t\t<div class=\"elementor-widget-container\">\n\t\t\t\t\t\t\t\t\t\t\t\t<figure class=\"wp-caption\">\n\t\t\t\t\t\t\t\t\t\t\t<a href=\"https:\/\/qridos.com.br\/queridos\/itemlist\/category\/12-cemiterio-sao-francisco-xavier\" target=\"_blank\">\n\t\t\t\t\t\t\t<img loading=\"lazy\" decoding=\"async\" width=\"450\" height=\"450\" src=\"https:\/\/qridos.com\/bra\/wp-content\/uploads\/2021\/07\/Reviver.jpg\" class=\"attachment-large size-large\" alt=\"\" srcset=\"https:\/\/qridos.com\/bra\/wp-content\/uploads\/2021\/07\/Reviver.jpg 450w, https:\/\/qridos.com\/bra\/wp-content\/uploads\/2021\/07\/Reviver-300x300.jpg 300w, https:\/\/qridos.com\/bra\/wp-content\/uploads\/2021\/07\/Reviver-150x150.jpg 150w, https:\/\/qridos.com\/bra\/wp-content\/uploads\/2021\/07\/Reviver-63x63.jpg 63w, https:\/\/qridos.com\/bra\/wp-content\/uploads\/2021\/07\/Reviver-84x84.jpg 84w\" sizes=\"auto, (max-width: 450px) 100vw, 450px\" \/>\t\t\t\t\t\t\t\t<\/a>\n\t\t\t\t\t\t\t\t\t\t\t<figcaption class=\"widget-image-caption wp-caption-text\">Cemit\u00e9rio do Caju<\/figcaption>\n\t\t\t\t\t\t\t\t\t\t<\/figure>\n\t\t\t\t\t\t\t\t\t<\/div>\n\t\t\t\t<\/div>\n\t\t\t\t\t<\/div>\n\t\t<\/div>\n\t\t\t\t<div class=\"elementor-column elementor-col-25 elementor-top-column elementor-element elementor-element-a08a64b\" data-id=\"a08a64b\" data-element_type=\"column\">\n\t\t\t<div class=\"elementor-widget-wrap elementor-element-populated\">\n\t\t\t\t\t\t\t\t<div class=\"elementor-element elementor-element-2e2e845 elementor-widget elementor-widget-image\" data-id=\"2e2e845\" data-element_type=\"widget\" data-widget_type=\"image.default\">\n\t\t\t\t<div class=\"elementor-widget-container\">\n\t\t\t\t\t\t\t\t\t\t\t\t\t\t\t<img decoding=\"async\" src=\"https:\/\/qridos.com\/bra\/wp-content\/plugins\/elementor\/assets\/images\/placeholder.png\" title=\"\" alt=\"\" \/>\t\t\t\t\t\t\t\t\t\t\t\t\t\t\t<\/div>\n\t\t\t\t<\/div>\n\t\t\t\t\t<\/div>\n\t\t<\/div>\n\t\t\t\t<div class=\"elementor-column elementor-col-25 elementor-top-column elementor-element elementor-element-64a58a8\" data-id=\"64a58a8\" data-element_type=\"column\">\n\t\t\t<div class=\"elementor-widget-wrap elementor-element-populated\">\n\t\t\t\t\t\t\t\t<div class=\"elementor-element elementor-element-1f8b0aa elementor-widget elementor-widget-image\" data-id=\"1f8b0aa\" data-element_type=\"widget\" data-widget_type=\"image.default\">\n\t\t\t\t<div class=\"elementor-widget-container\">\n\t\t\t\t\t\t\t\t\t\t\t\t\t\t\t<img decoding=\"async\" src=\"https:\/\/qridos.com\/bra\/wp-content\/plugins\/elementor\/assets\/images\/placeholder.png\" title=\"\" alt=\"\" \/>\t\t\t\t\t\t\t\t\t\t\t\t\t\t\t<\/div>\n\t\t\t\t<\/div>\n\t\t\t\t\t<\/div>\n\t\t<\/div>\n\t\t\t\t\t\t\t<\/div>\n\t\t<\/section>\n\t\t\t\t\t\t\t<\/div>\n\t\t","protected":false},"excerpt":{"rendered":"<p>Memorial Queridos para Sempre!Homenagem da Cidade do Rio de Janeiro Clique na imagem acima ou abaixo. Este \u00e9 um exemplo de mensagem. Este \u00e9 um exemplo de mensagem. Este \u00e9 um exemplo de mensagem. Este \u00e9 um exemplo de mensagem. Este \u00e9 um exemplo de mensagem. Este \u00e9 um exemplo de mensagem: A hist\u00f3ria de [&hellip;]<\/p>\n","protected":false},"author":1,"featured_media":287,"parent":0,"menu_order":0,"comment_status":"closed","ping_status":"open","template":"","meta":{"footnotes":""},"class_list":["post-2","page","type-page","status-publish","has-post-thumbnail","hentry"],"_links":{"self":[{"href":"https:\/\/qridos.com\/bra\/wp-json\/wp\/v2\/pages\/2","targetHints":{"allow":["GET"]}}],"collection":[{"href":"https:\/\/qridos.com\/bra\/wp-json\/wp\/v2\/pages"}],"about":[{"href":"https:\/\/qridos.com\/bra\/wp-json\/wp\/v2\/types\/page"}],"author":[{"embeddable":true,"href":"https:\/\/qridos.com\/bra\/wp-json\/wp\/v2\/users\/1"}],"replies":[{"embeddable":true,"href":"https:\/\/qridos.com\/bra\/wp-json\/wp\/v2\/comments?post=2"}],"version-history":[{"count":63,"href":"https:\/\/qridos.com\/bra\/wp-json\/wp\/v2\/pages\/2\/revisions"}],"predecessor-version":[{"id":706,"href":"https:\/\/qridos.com\/bra\/wp-json\/wp\/v2\/pages\/2\/revisions\/706"}],"wp:featuredmedia":[{"embeddable":true,"href":"https:\/\/qridos.com\/bra\/wp-json\/wp\/v2\/media\/287"}],"wp:attachment":[{"href":"https:\/\/qridos.com\/bra\/wp-json\/wp\/v2\/media?parent=2"}],"curies":[{"name":"wp","href":"https:\/\/api.w.org\/{rel}","templated":true}]}}